{"id":1713,"date":"2019-06-20T18:48:44","date_gmt":"2019-06-20T16:48:44","guid":{"rendered":"https:\/\/www.cas-sommartel.ch\/monte-leone-2019\/?page_id=1713"},"modified":"2026-04-26T16:53:11","modified_gmt":"2026-04-26T14:53:11","slug":"monte-leone-huette","status":"publish","type":"page","link":"https:\/\/www.cas-sommartel.ch\/monte-leone\/de\/monte-leone-huette\/","title":{"rendered":"Monte Leone H\u00fctte"},"content":{"rendered":"<p>[et_pb_section fb_built=\u00a0\u00bb1&Prime; _builder_version=\u00a0\u00bb4.16&Prime; background_color=\u00a0\u00bbrgba(0,0,0,0.04)\u00a0\u00bb custom_padding=\u00a0\u00bb0px||0px\u00a0\u00bb global_colors_info=\u00a0\u00bb{}\u00a0\u00bb][et_pb_row _builder_version=\u00a0\u00bb4.16&Prime; global_colors_info=\u00a0\u00bb{}\u00a0\u00bb][et_pb_column type=\u00a0\u00bb4_4&Prime; _builder_version=\u00a0\u00bb4.16&Prime; custom_padding=\u00a0\u00bb|||\u00a0\u00bb global_colors_info=\u00a0\u00bb{}\u00a0\u00bb custom_padding__hover=\u00a0\u00bb|||\u00a0\u00bb][et_pb_text disabled_on=\u00a0\u00bbon|on|on\u00a0\u00bb _builder_version=\u00a0\u00bb4.16&Prime; disabled=\u00a0\u00bbon\u00a0\u00bb global_colors_info=\u00a0\u00bb{}\u00a0\u00bb]<\/p>\n<p>\u26a0\ufe0f 21.07.2022: Achtung, der Weg zwischen der Monte-Leone-H\u00fctte und der Alpe Veglia ist momentan schwer zug\u00e4nglich.<\/p>\n<p>[\/et_pb_text][et_pb_text disabled_on=\u00a0\u00bbon|on|on\u00a0\u00bb _builder_version=\u00a0\u00bb4.16&Prime; disabled=\u00a0\u00bbon\u00a0\u00bb global_colors_info=\u00a0\u00bb{}\u00a0\u00bb]<\/p>\n<h2 class=\"m-stage__headline fs-h1\">Covid-19: H\u00fcttenaufenthalt unter besonderen Bedingungen<\/h2>\n<ul>\n<li>Besuche unsere H\u00fctten nur in gesundem Zustand.<\/li>\n<li>Reserviere deinen Schlafplatz \u2013\u00a0<strong>ohne Reservierung keine \u00dcbernachtung.<\/strong><\/li>\n<li>Bringe selber mit: H\u00fcttenschlafsack, Kissenbezug, Desinfektionsmittel resp. Seife, Handtuch und wer will Schutzmasken.<\/li>\n<li>Nimm deinen Abfall wieder mit ins Tal.<\/li>\n<\/ul>\n<p>[\/et_pb_text][\/et_pb_column][\/et_pb_row][\/et_pb_section][et_pb_section fb_built=\u00a0\u00bb1&Prime; fullwidth=\u00a0\u00bbon\u00a0\u00bb disabled_on=\u00a0\u00bbon|on|off\u00a0\u00bb _builder_version=\u00a0\u00bb4.16&Prime; background_video_mp4=\u00a0\u00bbhttps:\/\/www.cas-sommartel.ch\/monte-leone\/wp-content\/uploads\/sites\/6\/1657\/37\/CASML_site.mp4&Prime; custom_padding=\u00a0\u00bb0px|0px|0|0px|false|false\u00a0\u00bb global_colors_info=\u00a0\u00bb{}\u00a0\u00bb][et_pb_fullwidth_header title=\u00a0\u00bbMonte Leone H\u00fctte\u00a0\u00bb text_orientation=\u00a0\u00bbright\u00a0\u00bb header_fullscreen=\u00a0\u00bbon\u00a0\u00bb button_one_text=\u00a0\u00bbBuchen\u00a0\u00bb button_one_url=\u00a0\u00bb\/monte-leone\/buchen\u00a0\u00bb background_overlay_color=\u00a0\u00bbrgba(0,0,0,0)\u00a0\u00bb disabled_on=\u00a0\u00bbon|off|off\u00a0\u00bb _builder_version=\u00a0\u00bb4.25.1&Prime; title_font=\u00a0\u00bb|700|||||||\u00a0\u00bb title_text_color=\u00a0\u00bb#000000&Prime; title_font_size=\u00a0\u00bb64px\u00a0\u00bb content_font=\u00a0\u00bb||||||||\u00a0\u00bb content_text_color=\u00a0\u00bb#000000&Prime; content_font_size=\u00a0\u00bb35px\u00a0\u00bb content_line_height=\u00a0\u00bb1.2em\u00a0\u00bb subhead_font=\u00a0\u00bb||||||||\u00a0\u00bb background_color=\u00a0\u00bbrgba(255,255,255,0.18)\u00a0\u00bb custom_button_one=\u00a0\u00bbon\u00a0\u00bb button_one_text_color=\u00a0\u00bb#ffffff\u00a0\u00bb button_one_bg_color=\u00a0\u00bb#ed1c24&Prime; button_one_border_color=\u00a0\u00bbrgba(0,0,0,0)\u00a0\u00bb button_one_font=\u00a0\u00bb|700|||||||\u00a0\u00bb global_colors_info=\u00a0\u00bb{}\u00a0\u00bb]<\/p>\n<p><span style=\"font-weight: 400;\">Wagen Sie das Abenteuer<\/span><\/p>\n<p>[\/et_pb_fullwidth_header][\/et_pb_section][et_pb_section fb_built=\u00a0\u00bb1&Prime; fullwidth=\u00a0\u00bbon\u00a0\u00bb _builder_version=\u00a0\u00bb4.16&Prime; background_image=\u00a0\u00bbhttps:\/\/www.cas-sommartel.ch\/monte-leone\/wp-content\/uploads\/sites\/6\/2019\/05\/IMG_1485_site.jpg\u00a0\u00bb custom_padding=\u00a0\u00bb0|0px|0px|0px|false|false\u00a0\u00bb global_colors_info=\u00a0\u00bb{}\u00a0\u00bb][et_pb_fullwidth_header title=\u00a0\u00bbMonte Leone H\u00fctte\u00a0\u00bb text_orientation=\u00a0\u00bbcenter\u00a0\u00bb header_fullscreen=\u00a0\u00bbon\u00a0\u00bb button_one_text=\u00a0\u00bbBuchen\u00a0\u00bb button_one_url=\u00a0\u00bb\/monte-leone\/buchen\u00a0\u00bb logo_image_url=\u00a0\u00bbhttps:\/\/www.cas-sommartel.ch\/monte-leone\/wp-content\/uploads\/sites\/6\/2021\/07\/pastille_DE.png\u00a0\u00bb content_orientation=\u00a0\u00bbbottom\u00a0\u00bb disabled_on=\u00a0\u00bboff|on|on\u00a0\u00bb _builder_version=\u00a0\u00bb4.16&Prime; title_font=\u00a0\u00bb|700|||||||\u00a0\u00bb title_text_color=\u00a0\u00bb#000000&Prime; title_font_size=\u00a0\u00bb43px\u00a0\u00bb content_font=\u00a0\u00bb||||||||\u00a0\u00bb content_text_color=\u00a0\u00bb#000000&Prime; content_font_size=\u00a0\u00bb30px\u00a0\u00bb background_color=\u00a0\u00bbrgba(255,255,255,0.2)\u00a0\u00bb custom_button_one=\u00a0\u00bbon\u00a0\u00bb button_one_text_color=\u00a0\u00bb#ffffff\u00a0\u00bb button_one_bg_color=\u00a0\u00bb#ed1c24&Prime; button_one_border_color=\u00a0\u00bbrgba(0,0,0,0)\u00a0\u00bb button_one_font=\u00a0\u00bb|700|||||||\u00a0\u00bb background_layout=\u00a0\u00bblight\u00a0\u00bb global_colors_info=\u00a0\u00bb{}\u00a0\u00bb]<\/p>\n<p><span style=\"font-weight: 400;\">Wagen Sie das Abenteuer<\/span><\/p>\n<p>[\/et_pb_fullwidth_header][\/et_pb_section][et_pb_section fb_built=\u00a0\u00bb1&Prime; _builder_version=\u00a0\u00bb4.16&Prime; global_colors_info=\u00a0\u00bb{}\u00a0\u00bb][et_pb_row column_structure=\u00a0\u00bb3_5,2_5&Prime; _builder_version=\u00a0\u00bb4.16&Prime; global_colors_info=\u00a0\u00bb{}\u00a0\u00bb][et_pb_column type=\u00a0\u00bb3_5&Prime; _builder_version=\u00a0\u00bb4.16&Prime; custom_padding=\u00a0\u00bb|||\u00a0\u00bb global_colors_info=\u00a0\u00bb{}\u00a0\u00bb custom_padding__hover=\u00a0\u00bb|||\u00a0\u00bb][et_pb_image src=\u00a0\u00bbhttps:\/\/www.cas-sommartel.ch\/monte-leone\/wp-content\/uploads\/sites\/6\/2019\/06\/openning-2.svg\u00a0\u00bb align_tablet=\u00a0\u00bbcenter\u00a0\u00bb align_phone=\u00a0\u00bbcenter\u00a0\u00bb align_last_edited=\u00a0\u00bbon|desktop\u00a0\u00bb disabled_on=\u00a0\u00bbon|off|off\u00a0\u00bb _builder_version=\u00a0\u00bb3.23&Prime; max_width=\u00a0\u00bb100%\u00a0\u00bb always_center_on_mobile=\u00a0\u00bbon\u00a0\u00bb global_module=\u00a0\u00bb1716&Prime; saved_tabs=\u00a0\u00bball\u00a0\u00bb global_colors_info=\u00a0\u00bb{}\u00a0\u00bb][\/et_pb_image][et_pb_image src=\u00a0\u00bbhttps:\/\/www.cas-sommartel.ch\/monte-leone\/wp-content\/uploads\/sites\/6\/2019\/06\/openning-3.svg\u00a0\u00bb align_tablet=\u00a0\u00bbcenter\u00a0\u00bb align_phone=\u00a0\u00bbcenter\u00a0\u00bb align_last_edited=\u00a0\u00bbon|desktop\u00a0\u00bb disabled_on=\u00a0\u00bboff|on|on\u00a0\u00bb _builder_version=\u00a0\u00bb3.23&Prime; max_width=\u00a0\u00bb100%\u00a0\u00bb always_center_on_mobile=\u00a0\u00bbon\u00a0\u00bb global_module=\u00a0\u00bb1772&Prime; saved_tabs=\u00a0\u00bball\u00a0\u00bb global_colors_info=\u00a0\u00bb{}\u00a0\u00bb][\/et_pb_image][et_pb_text _builder_version=\u00a0\u00bb4.25.1&Prime; max_width=\u00a0\u00bb100%\u00a0\u00bb global_module=\u00a0\u00bb1920&Prime; saved_tabs=\u00a0\u00bball\u00a0\u00bb global_colors_info=\u00a0\u00bb{}\u00a0\u00bb]<\/p>\n<p><strong>Er\u00f6ffnung : <\/strong>28. Juni 2026<br \/><strong>Schliessung : <\/strong>26. September 2026<\/p>\n<p>[\/et_pb_text][et_pb_text _builder_version=\u00a0\u00bb4.16&Prime; global_colors_info=\u00a0\u00bb{}\u00a0\u00bb]<\/p>\n<p>Die Wanderung, die f\u00fcr Familien zug\u00e4nglich ist, beginnt zwischen den L\u00e4rchen, entlang einer Bisse. Nach einer Stunde Fu\u00dfmarsch geht es weiter auf gro\u00dfen Steinplatten und schlie\u00dflich im Chaltwassert\u00e4lli die Mor\u00e4ne hinauf. Am Pass erscheint ein kleiner Bergsee, hinter dem die H\u00fctte in einer typisch alpinen Landschaft steht.<\/p>\n<p>[\/et_pb_text][et_pb_text disabled_on=\u00a0\u00bboff|off|off\u00a0\u00bb _builder_version=\u00a0\u00bb4.25.1&Prime; hover_enabled=\u00a0\u00bb0&Prime; global_colors_info=\u00a0\u00bb{}\u00a0\u00bb sticky_enabled=\u00a0\u00bb0&Prime;]<\/p>\n<h2>Liste der H\u00fcttenwarte und H\u00fcttenwartinnen<\/h2>\n<table style=\"height: 312px;\">\n<tbody>\n<tr style=\"height: 24px;\">\n<th style=\"text-align: left; height: 24px; width: 222px;\">Datum<\/th>\n<th style=\"text-align: left; height: 24px; width: 236px;\">H\u00fcttenwarte<\/th>\n<\/tr>\n<tr style=\"height: 24px;\">\n<td style=\"height: 24px; width: 222px;\">28 Juni \u2013 4 Juli<\/td>\n<td style=\"height: 24px; width: 236px;\">Anne-V\u00e9ronique und Lionel Clavien<\/td>\n<\/tr>\n<tr style=\"height: 24px;\">\n<td style=\"height: 24px; width: 222px;\">5 Juli \u2013 11 Juli<\/td>\n<td style=\"height: 24px; width: 236px;\">C\u00e9line Jeanneret und Juliane Roulet Heim<\/td>\n<\/tr>\n<tr style=\"height: 24px;\">\n<td style=\"height: 24px; width: 222px;\">12 Juli \u2013 18 Juli<\/td>\n<td style=\"height: 24px; width: 236px;\">Letitia Maire-Mathez und Ga\u00ebl Maire<\/td>\n<\/tr>\n<tr style=\"height: 24px;\">\n<td style=\"height: 24px; width: 222px;\">19 Juli \u2013 25 Juli<\/td>\n<td style=\"height: 24px; width: 236px;\">Audrey Montandon, Floriant Stirnemann et Amandine Rey<\/td>\n<\/tr>\n<tr style=\"height: 24px;\">\n<td style=\"height: 24px; width: 222px;\">26 Juli \u2013 1 August<\/td>\n<td style=\"height: 24px; width: 236px;\">Calame Sigrist Magalie, Calame Dionys und Jeanneret Celine<\/td>\n<\/tr>\n<tr style=\"height: 24px;\">\n<td style=\"height: 24px; width: 222px;\">2 August \u2013 8 August<\/td>\n<td style=\"height: 24px; width: 236px;\">Stefanie Herninjard und Niel Smith<\/td>\n<\/tr>\n<tr style=\"height: 24px;\">\n<td style=\"height: 24px; width: 222px;\">9 August \u2013 15 August<\/td>\n<td style=\"height: 24px; width: 236px;\">Nicole Rosselet und Thomas Matile<\/td>\n<\/tr>\n<tr style=\"height: 24px;\">\n<td style=\"height: 24px; width: 222px;\">16 August \u2013 22 August<\/td>\n<td style=\"height: 24px; width: 236px;\">Richard Mamie, Sabine Mamie, Claudine Suter<\/td>\n<\/tr>\n<tr style=\"height: 24px;\">\n<td style=\"height: 24px; width: 222px;\">23 August \u2013 29 August<\/td>\n<td style=\"height: 24px; width: 236px;\">Sara Montani und Sandra Sch\u00e4rer<\/td>\n<\/tr>\n<tr style=\"height: 24px;\">\n<td style=\"height: 24px; width: 222px;\">30 August \u2013 5 September<\/td>\n<td style=\"height: 24px; width: 236px;\">Tamara Girard und Muriel Hinkel<\/td>\n<\/tr>\n<tr style=\"height: 24px;\">\n<td style=\"height: 24px; width: 222px;\">6 September \u2013 12 September<\/td>\n<td style=\"height: 24px; width: 236px;\">Gilbert Hirschi, Michel Girard und Philippe Roche-M\u00e9r\u00e9dith<\/td>\n<\/tr>\n<tr style=\"height: 24px;\">\n<td style=\"height: 24px; width: 222px;\">13 September \u2013 19 September<\/td>\n<td style=\"height: 24px; width: 236px;\">Regula Iten und Pius Briker<\/td>\n<\/tr>\n<tr>\n<td style=\"width: 222px;\">20 September \u2013 26 September<\/td>\n<td style=\"width: 236px;\">Claude-Andr\u00e9 Montandon und Fran\u00e7ois Oppliger<\/td>\n<\/tr>\n<\/tbody>\n<\/table>\n<p>[\/et_pb_text][\/et_pb_column][et_pb_column type=\u00a0\u00bb2_5&Prime; _builder_version=\u00a0\u00bb4.16&Prime; custom_padding=\u00a0\u00bb|||\u00a0\u00bb global_colors_info=\u00a0\u00bb{}\u00a0\u00bb custom_padding__hover=\u00a0\u00bb|||\u00a0\u00bb][et_pb_gallery gallery_ids=\u00a0\u00bb1141&Prime; fullwidth=\u00a0\u00bbon\u00a0\u00bb module_class=\u00a0\u00bbimg-round\u00a0\u00bb _builder_version=\u00a0\u00bb4.16&Prime; title_font=\u00a0\u00bb||||||||\u00a0\u00bb global_colors_info=\u00a0\u00bb{}\u00a0\u00bb][\/et_pb_gallery][\/et_pb_column][\/et_pb_row][\/et_pb_section][et_pb_section fb_built=\u00a0\u00bb1&Prime; _builder_version=\u00a0\u00bb3.19.10&Prime; background_color=\u00a0\u00bb#dddddd\u00a0\u00bb global_module=\u00a0\u00bb1887&Prime; saved_tabs=\u00a0\u00bball\u00a0\u00bb global_colors_info=\u00a0\u00bb{}\u00a0\u00bb][et_pb_row column_structure=\u00a0\u00bb1_2,1_2&Prime; _builder_version=\u00a0\u00bb4.16&Prime; global_colors_info=\u00a0\u00bb{}\u00a0\u00bb][et_pb_column type=\u00a0\u00bb1_2&Prime; _builder_version=\u00a0\u00bb4.16&Prime; custom_padding=\u00a0\u00bb|||\u00a0\u00bb global_colors_info=\u00a0\u00bb{}\u00a0\u00bb custom_padding__hover=\u00a0\u00bb|||\u00a0\u00bb][et_pb_text _builder_version=\u00a0\u00bb4.16&Prime; global_colors_info=\u00a0\u00bb{}\u00a0\u00bb]<\/p>\n<h3>Monte Leone H\u00fctte<\/h3>\n<p><i class=\"fa fa-phone\" aria-hidden=\"true\"><\/i> <a href=\"tel:+41279791412\">+41 (0) 27 979 14 12<\/a><\/p>\n<h3>Reservierungen<\/h3>\n<p><i class=\"fa fa-bed\" aria-hidden=\"true\"><\/i> <a href=\"https:\/\/www.cas-sommartel.ch\/monte-leone\/buchen\" rel=\"alternate\">Online booking<\/a><br \/> <i class=\"fa fa-envelope\" aria-hidden=\"true\"><\/i><a href=\"mailto:booking@cas-sommartel.ch\"> booking@cas-sommartel.ch<\/a><br \/> <i class=\"fa fa-phone\" aria-hidden=\"true\"><\/i><a href=\"tel:+41799349732\"> +41 (0) 79 934 97 32<\/a><\/p>\n<h3>Bankverbindung<\/h3>\n<p>Cabane Monte-Leone, 2400 Le Locle<br \/> IBAN: CH52 8080 8007 2092 4800 9<\/p>\n<p>[\/et_pb_text][\/et_pb_column][et_pb_column type=\u00a0\u00bb1_2&Prime; _builder_version=\u00a0\u00bb4.16&Prime; custom_padding=\u00a0\u00bb|||\u00a0\u00bb global_colors_info=\u00a0\u00bb{}\u00a0\u00bb custom_padding__hover=\u00a0\u00bb|||\u00a0\u00bb][et_pb_text _builder_version=\u00a0\u00bb4.25.1&Prime; global_colors_info=\u00a0\u00bb{}\u00a0\u00bb]<\/p>\n<h3>Verwaltung<\/h3>\n<p><i class=\"fa fa-user\" aria-hidden=\"true\"><\/i> Claude-Andr\u00e9 Montandon<\/p>\n<p><i class=\"fa fa-map-marker\" aria-hidden=\"true\"><\/i> Courte Creye 12<br \/>CH \u2013 2113 Boveresse<\/p>\n<p><i class=\"fa fa-phone\" aria-hidden=\"true\"><\/i><a href=\"tel:+41328614031\"> +41 (0) 32 861 40 31<\/a><br \/><i class=\"fa fa-mobile\" aria-hidden=\"true\"><\/i><a href=\"tel:+41794349874\"> +41 (0) 76 532 97 08<\/a><\/p>\n<p><i class=\"fa fa-envelope\" aria-hidden=\"true\"><\/i><a href=\"mailto:cabane@cas-sommartel.ch\"> cabane@cas-sommartel.ch<\/a><\/p>\n<p>[\/et_pb_text][\/et_pb_column][\/et_pb_row][\/et_pb_section]<\/p>\n","protected":false},"excerpt":{"rendered":"<p>\u26a0\ufe0f 21.07.2022: Achtung, der Weg zwischen der Monte-Leone-H\u00fctte und der Alpe Veglia ist momentan schwer zug\u00e4nglich.Covid-19: H\u00fcttenaufenthalt unter besonderen Bedingungen Besuche unsere H\u00fctten nur in gesundem Zustand. Reserviere deinen Schlafplatz \u2013\u00a0ohne Reservierung keine \u00dcbernachtung. Bringe selber mit: H\u00fcttenschlafsack, Kissenbezug, Desinfektionsmittel resp. Seife, Handtuch und wer will Schutzmasken. Nimm deinen Abfall wieder mit ins Tal. Wagen [&hellip;]<\/p>\n","protected":false},"author":1,"featured_media":0,"parent":0,"menu_order":0,"comment_status":"closed","ping_status":"closed","template":"","meta":{"_et_pb_use_builder":"on","_et_pb_old_content":"","_et_gb_content_width":"","_exactmetrics_skip_tracking":false,"_exactmetrics_sitenote_active":false,"_exactmetrics_sitenote_note":"","_exactmetrics_sitenote_category":0,"footnotes":""},"class_list":["post-1713","page","type-page","status-publish","hentry"],"_links":{"self":[{"href":"https:\/\/www.cas-sommartel.ch\/monte-leone\/wp-json\/wp\/v2\/pages\/1713","targetHints":{"allow":["GET"]}}],"collection":[{"href":"https:\/\/www.cas-sommartel.ch\/monte-leone\/wp-json\/wp\/v2\/pages"}],"about":[{"href":"https:\/\/www.cas-sommartel.ch\/monte-leone\/wp-json\/wp\/v2\/types\/page"}],"author":[{"embeddable":true,"href":"https:\/\/www.cas-sommartel.ch\/monte-leone\/wp-json\/wp\/v2\/users\/1"}],"replies":[{"embeddable":true,"href":"https:\/\/www.cas-sommartel.ch\/monte-leone\/wp-json\/wp\/v2\/comments?post=1713"}],"version-history":[{"count":42,"href":"https:\/\/www.cas-sommartel.ch\/monte-leone\/wp-json\/wp\/v2\/pages\/1713\/revisions"}],"predecessor-version":[{"id":2601,"href":"https:\/\/www.cas-sommartel.ch\/monte-leone\/wp-json\/wp\/v2\/pages\/1713\/revisions\/2601"}],"wp:attachment":[{"href":"https:\/\/www.cas-sommartel.ch\/monte-leone\/wp-json\/wp\/v2\/media?parent=1713"}],"curies":[{"name":"wp","href":"https:\/\/api.w.org\/{rel}","templated":true}]}}