{"id":1052,"date":"2019-05-02T21:12:28","date_gmt":"2019-05-02T19:12:28","guid":{"rendered":"https:\/\/www.cas-sommartel.ch\/monte-leone-2019\/?page_id=1052"},"modified":"2026-04-26T16:50:37","modified_gmt":"2026-04-26T14:50:37","slug":"cabane-monte-leone","status":"publish","type":"page","link":"https:\/\/www.cas-sommartel.ch\/monte-leone\/","title":{"rendered":"Cabane Monte Leone"},"content":{"rendered":"<p>[et_pb_section fb_built=\u00a0\u00bb1&Prime; disabled_on=\u00a0\u00bboff|off|off\u00a0\u00bb _builder_version=\u00a0\u00bb4.16&Prime; background_color=\u00a0\u00bbrgba(0,0,0,0.04)\u00a0\u00bb custom_margin=\u00a0\u00bb0px||\u00a0\u00bb custom_padding=\u00a0\u00bb0px||0px\u00a0\u00bb top_divider_height=\u00a0\u00bb0px\u00a0\u00bb global_colors_info=\u00a0\u00bb{}\u00a0\u00bb][et_pb_row _builder_version=\u00a0\u00bb4.16&Prime; global_colors_info=\u00a0\u00bb{}\u00a0\u00bb][et_pb_column type=\u00a0\u00bb4_4&Prime; _builder_version=\u00a0\u00bb4.16&Prime; custom_padding=\u00a0\u00bb|||\u00a0\u00bb global_colors_info=\u00a0\u00bb{}\u00a0\u00bb custom_padding__hover=\u00a0\u00bb|||\u00a0\u00bb][et_pb_text disabled_on=\u00a0\u00bbon|on|on\u00a0\u00bb _builder_version=\u00a0\u00bb4.16&Prime; disabled=\u00a0\u00bbon\u00a0\u00bb global_colors_info=\u00a0\u00bb{}\u00a0\u00bb]<\/p>\n<p>\u26a0\ufe0f 21.07.2022: attention, le chemin entre la cabane Monte Leone et l&rsquo;Alpe Veglia est momentan\u00e9ment difficile d&rsquo;acc\u00e8s.<\/p>\n<p>[\/et_pb_text][et_pb_text disabled_on=\u00a0\u00bbon|on|on\u00a0\u00bb _builder_version=\u00a0\u00bb4.16&Prime; disabled=\u00a0\u00bbon\u00a0\u00bb global_colors_info=\u00a0\u00bb{}\u00a0\u00bb]<\/p>\n<h2>Covid-19 : S\u00e9jour en cabane dans des conditions particuli\u00e8res<\/h2>\n<ul>\n<li>Ne s\u00e9journe dans nos cabanes que si tu es en bonne sant\u00e9.<\/li>\n<li>R\u00e9serve ta couchette &#8211; <strong>sans r\u00e9servation, pas de nuit\u00e9e.<\/strong><\/li>\n<li>Apporte tes propres effets suivants : sac \u00e0 viande, taie d&rsquo;oreiller, d\u00e9sinfectant, resp. savon, serviette et \u00e9v. un masque de protection.<\/li>\n<li>Rapporte tes d\u00e9chets en plaine<\/li>\n<\/ul>\n<p>[\/et_pb_text][\/et_pb_column][\/et_pb_row][\/et_pb_section][et_pb_section fb_built=\u00a0\u00bb1&Prime; fullwidth=\u00a0\u00bbon\u00a0\u00bb disabled_on=\u00a0\u00bbon|on|off\u00a0\u00bb _builder_version=\u00a0\u00bb4.16&Prime; background_video_mp4=\u00a0\u00bbhttps:\/\/www.cas-sommartel.ch\/monte-leone\/wp-content\/uploads\/sites\/6\/1657\/37\/CASML_site.mp4&Prime; background_video_width=\u00a0\u00bb640&Prime; background_video_height=\u00a0\u00bb360&Prime; custom_padding=\u00a0\u00bb0px|0px|0|0px|false|false\u00a0\u00bb global_colors_info=\u00a0\u00bb{}\u00a0\u00bb][et_pb_fullwidth_header title=\u00a0\u00bbCabane Monte Leone\u00a0\u00bb text_orientation=\u00a0\u00bbright\u00a0\u00bb header_fullscreen=\u00a0\u00bbon\u00a0\u00bb button_one_text=\u00a0\u00bbR\u00e9server\u00a0\u00bb button_one_url=\u00a0\u00bb\/monte-leone\/reserver\u00a0\u00bb background_overlay_color=\u00a0\u00bbrgba(0,0,0,0)\u00a0\u00bb disabled_on=\u00a0\u00bbon|off|off\u00a0\u00bb _builder_version=\u00a0\u00bb4.27.4&Prime; title_font=\u00a0\u00bb|700|||||||\u00a0\u00bb title_text_color=\u00a0\u00bb#000000&Prime; title_font_size=\u00a0\u00bb64px\u00a0\u00bb content_font=\u00a0\u00bb||||||||\u00a0\u00bb content_text_color=\u00a0\u00bb#000000&Prime; content_font_size=\u00a0\u00bb35px\u00a0\u00bb content_line_height=\u00a0\u00bb1.2em\u00a0\u00bb subhead_font=\u00a0\u00bb||||||||\u00a0\u00bb background_color=\u00a0\u00bbrgba(255,255,255,0.18)\u00a0\u00bb custom_button_one=\u00a0\u00bbon\u00a0\u00bb button_one_text_color=\u00a0\u00bb#ffffff\u00a0\u00bb button_one_bg_color=\u00a0\u00bb#ed1c24&Prime; button_one_border_color=\u00a0\u00bbrgba(0,0,0,0)\u00a0\u00bb button_one_font=\u00a0\u00bb|700|||||||\u00a0\u00bb global_colors_info=\u00a0\u00bb{}\u00a0\u00bb]<\/p>\n<p>Osez l&rsquo;aventure<\/p>\n<p>[\/et_pb_fullwidth_header][\/et_pb_section][et_pb_section fb_built=\u00a0\u00bb1&Prime; fullwidth=\u00a0\u00bbon\u00a0\u00bb _builder_version=\u00a0\u00bb4.16&Prime; background_image=\u00a0\u00bbhttps:\/\/www.cas-sommartel.ch\/monte-leone\/wp-content\/uploads\/sites\/6\/2019\/05\/IMG_1485_site.jpg\u00a0\u00bb custom_padding=\u00a0\u00bb0|0px|0px|0px|false|false\u00a0\u00bb global_colors_info=\u00a0\u00bb{}\u00a0\u00bb][et_pb_fullwidth_header title=\u00a0\u00bbCabane Monte Leone\u00a0\u00bb text_orientation=\u00a0\u00bbcenter\u00a0\u00bb header_fullscreen=\u00a0\u00bbon\u00a0\u00bb button_one_text=\u00a0\u00bbR\u00e9server\u00a0\u00bb button_one_url=\u00a0\u00bb\/monte-leone\/reserver\u00a0\u00bb logo_image_url=\u00a0\u00bbhttps:\/\/www.cas-sommartel.ch\/monte-leone\/wp-content\/uploads\/sites\/6\/2020\/03\/pastille.png\u00a0\u00bb content_orientation=\u00a0\u00bbbottom\u00a0\u00bb disabled_on=\u00a0\u00bboff|on|on\u00a0\u00bb _builder_version=\u00a0\u00bb4.16&Prime; title_font=\u00a0\u00bb|700|||||||\u00a0\u00bb title_text_color=\u00a0\u00bb#000000&Prime; title_font_size=\u00a0\u00bb43px\u00a0\u00bb content_font=\u00a0\u00bb||||||||\u00a0\u00bb content_text_color=\u00a0\u00bb#000000&Prime; content_font_size=\u00a0\u00bb30px\u00a0\u00bb background_color=\u00a0\u00bbrgba(255,255,255,0.2)\u00a0\u00bb custom_button_one=\u00a0\u00bbon\u00a0\u00bb button_one_text_color=\u00a0\u00bb#ffffff\u00a0\u00bb button_one_bg_color=\u00a0\u00bb#ed1c24&Prime; button_one_border_color=\u00a0\u00bbrgba(0,0,0,0)\u00a0\u00bb button_one_font=\u00a0\u00bb|700|||||||\u00a0\u00bb background_layout=\u00a0\u00bblight\u00a0\u00bb global_colors_info=\u00a0\u00bb{}\u00a0\u00bb]<\/p>\n<p>Osez l&rsquo;aventure<\/p>\n<p>[\/et_pb_fullwidth_header][\/et_pb_section][et_pb_section fb_built=\u00a0\u00bb1&Prime; _builder_version=\u00a0\u00bb4.16&Prime; global_colors_info=\u00a0\u00bb{}\u00a0\u00bb][et_pb_row column_structure=\u00a0\u00bb3_5,2_5&Prime; _builder_version=\u00a0\u00bb4.16&Prime; global_colors_info=\u00a0\u00bb{}\u00a0\u00bb][et_pb_column type=\u00a0\u00bb3_5&Prime; _builder_version=\u00a0\u00bb4.16&Prime; custom_padding=\u00a0\u00bb|||\u00a0\u00bb global_colors_info=\u00a0\u00bb{}\u00a0\u00bb custom_padding__hover=\u00a0\u00bb|||\u00a0\u00bb][et_pb_image src=\u00a0\u00bbhttps:\/\/www.cas-sommartel.ch\/monte-leone\/wp-content\/uploads\/sites\/6\/2019\/05\/openning.svg\u00a0\u00bb align_tablet=\u00a0\u00bbcenter\u00a0\u00bb align_phone=\u00a0\u00bbcenter\u00a0\u00bb align_last_edited=\u00a0\u00bbon|desktop\u00a0\u00bb disabled_on=\u00a0\u00bbon|off|off\u00a0\u00bb _builder_version=\u00a0\u00bb3.19.10&Prime; global_module=\u00a0\u00bb1854&Prime; saved_tabs=\u00a0\u00bball\u00a0\u00bb global_colors_info=\u00a0\u00bb{}\u00a0\u00bb][\/et_pb_image][et_pb_image src=\u00a0\u00bbhttps:\/\/www.cas-sommartel.ch\/monte-leone\/wp-content\/uploads\/sites\/6\/2019\/05\/openning-1.svg\u00a0\u00bb align_tablet=\u00a0\u00bbcenter\u00a0\u00bb align_phone=\u00a0\u00bbcenter\u00a0\u00bb align_last_edited=\u00a0\u00bbon|desktop\u00a0\u00bb disabled_on=\u00a0\u00bboff|on|on\u00a0\u00bb _builder_version=\u00a0\u00bb3.19.10&Prime; global_module=\u00a0\u00bb1853&Prime; saved_tabs=\u00a0\u00bball\u00a0\u00bb global_colors_info=\u00a0\u00bb{}\u00a0\u00bb][\/et_pb_image][et_pb_text _builder_version=\u00a0\u00bb4.27.5&Prime; max_width=\u00a0\u00bb100%\u00a0\u00bb global_module=\u00a0\u00bb1372&Prime; saved_tabs=\u00a0\u00bball\u00a0\u00bb global_colors_info=\u00a0\u00bb{}\u00a0\u00bb]<\/p>\n<p><strong>Ouverture : <\/strong>28 juin 2026<br \/><strong>Fermeture : <\/strong>26 Septembre 2026<\/p>\n<p>[\/et_pb_text][et_pb_text _builder_version=\u00a0\u00bb4.16&Prime; global_colors_info=\u00a0\u00bb{}\u00a0\u00bb]<\/p>\n<p>La randonn\u00e9e, accessible aux familles, d\u00e9bute parmi les m\u00e9l\u00e8zes, le long d\u2019un bisse. Apr\u00e8s une heure de marche, le chemin se poursuit sur de grandes dalles de pierre pour finalement s\u2019engouffrer dans le Chaltwassert\u00e4lli en remontant la moraine. Au col, appara\u00eet un petit lac de montagne derri\u00e8re lequel se dresse la cabane dans un paysage typiquement alpin.<\/p>\n<p>[\/et_pb_text][et_pb_text disabled_on=\u00a0\u00bboff|off|off\u00a0\u00bb _builder_version=\u00a0\u00bb4.27.6&Prime; hover_enabled=\u00a0\u00bb0&Prime; global_colors_info=\u00a0\u00bb{}\u00a0\u00bb sticky_enabled=\u00a0\u00bb0&Prime;]<\/p>\n<h2>Liste des gardiens<\/h2>\n<table style=\"height: 312px;\">\n<tbody>\n<tr style=\"height: 24px;\">\n<th style=\"text-align: left; height: 24px; width: 222px;\">Date<\/th>\n<th style=\"text-align: left; height: 24px; width: 236px;\">Gardien<\/th>\n<\/tr>\n<tr style=\"height: 24px;\">\n<td style=\"height: 24px; width: 222px;\">28 juin \u2013 4 juillet<\/td>\n<td style=\"height: 24px; width: 236px;\">Anne-V\u00e9ronique et Lionel Clavien<\/td>\n<\/tr>\n<tr style=\"height: 24px;\">\n<td style=\"height: 24px; width: 222px;\">5 juillet \u2013 11 juillet<\/td>\n<td style=\"height: 24px; width: 236px;\">C\u00e9line Jeanneret et Juliane Roulet Heim<\/td>\n<\/tr>\n<tr style=\"height: 24px;\">\n<td style=\"height: 24px; width: 222px;\">12 juillet \u2013 18 juillet<\/td>\n<td style=\"height: 24px; width: 236px;\">Letitia Maire-Mathez et Ga\u00ebl Maire<\/td>\n<\/tr>\n<tr style=\"height: 24px;\">\n<td style=\"height: 24px; width: 222px;\">19 juillet \u2013 25 juillet<\/td>\n<td style=\"height: 24px; width: 236px;\">Audrey Montandon, Floriant Stirnemann et Amandine Rey<\/td>\n<\/tr>\n<tr style=\"height: 24px;\">\n<td style=\"height: 24px; width: 222px;\">26 juillet \u2013 1 ao\u00fbt<\/td>\n<td style=\"height: 24px; width: 236px;\">Calame Sigrist Magalie, Calame Dionys et Jeanneret Celine<\/td>\n<\/tr>\n<tr style=\"height: 24px;\">\n<td style=\"height: 24px; width: 222px;\">2 ao\u00fbt \u2013 8 ao\u00fbt<\/td>\n<td style=\"height: 24px; width: 236px;\">Stefanie Herninjard et Niel Smith<\/td>\n<\/tr>\n<tr style=\"height: 24px;\">\n<td style=\"height: 24px; width: 222px;\">9 ao\u00fbt \u2013 15 ao\u00fbt<\/td>\n<td style=\"height: 24px; width: 236px;\">Nicole Rosselet et Thomas Matile<\/td>\n<\/tr>\n<tr style=\"height: 24px;\">\n<td style=\"height: 24px; width: 222px;\">16 ao\u00fbt \u2013 22 ao\u00fbt<\/td>\n<td style=\"height: 24px; width: 236px;\">Richard Mamie, Sabine Mamie, Claudine Suter<\/td>\n<\/tr>\n<tr style=\"height: 24px;\">\n<td style=\"height: 24px; width: 222px;\">23 ao\u00fbt \u2013 29 ao\u00fbt<\/td>\n<td style=\"height: 24px; width: 236px;\">Sara Montani et Sandra Sch\u00e4rer<\/td>\n<\/tr>\n<tr style=\"height: 24px;\">\n<td style=\"height: 24px; width: 222px;\">30 ao\u00fbt \u2013 5 septembre<\/td>\n<td style=\"height: 24px; width: 236px;\">Tamara Girard et Muriel Hinkel<\/td>\n<\/tr>\n<tr style=\"height: 24px;\">\n<td style=\"height: 24px; width: 222px;\">6 septembre \u2013 12 septembre<\/td>\n<td style=\"height: 24px; width: 236px;\">Gilbert Hirschi, Michel Girard et Philippe Roche-M\u00e9r\u00e9dith<\/td>\n<\/tr>\n<tr style=\"height: 24px;\">\n<td style=\"height: 24px; width: 222px;\">13 septembre \u2013 19 septembre<\/td>\n<td style=\"height: 24px; width: 236px;\">Regula Iten et Pius Briker<\/td>\n<\/tr>\n<tr>\n<td style=\"width: 222px;\">20 septembre &#8211; 26 septembre<\/td>\n<td style=\"width: 236px;\">Claude-Andr\u00e9 Montandon et Fran\u00e7ois Oppliger<\/td>\n<\/tr>\n<\/tbody>\n<\/table>\n<p>&nbsp;<\/p>\n<p>[\/et_pb_text][\/et_pb_column][et_pb_column type=\u00a0\u00bb2_5&Prime; _builder_version=\u00a0\u00bb4.16&Prime; custom_padding=\u00a0\u00bb|||\u00a0\u00bb global_colors_info=\u00a0\u00bb{}\u00a0\u00bb custom_padding__hover=\u00a0\u00bb|||\u00a0\u00bb][et_pb_gallery gallery_ids=\u00a0\u00bb1141,1947,1946,1948,1949&Prime; fullwidth=\u00a0\u00bbon\u00a0\u00bb module_class=\u00a0\u00bbimg-round\u00a0\u00bb _builder_version=\u00a0\u00bb4.16&Prime; title_font=\u00a0\u00bb||||||||\u00a0\u00bb global_colors_info=\u00a0\u00bb{}\u00a0\u00bb][\/et_pb_gallery][\/et_pb_column][\/et_pb_row][\/et_pb_section][et_pb_section fb_built=\u00a0\u00bb1&Prime; _builder_version=\u00a0\u00bb3.19.10&Prime; background_color=\u00a0\u00bb#dddddd\u00a0\u00bb global_module=\u00a0\u00bb1266&Prime; saved_tabs=\u00a0\u00bball\u00a0\u00bb global_colors_info=\u00a0\u00bb{}\u00a0\u00bb][et_pb_row column_structure=\u00a0\u00bb1_2,1_2&Prime; _builder_version=\u00a0\u00bb4.16&Prime; global_colors_info=\u00a0\u00bb{}\u00a0\u00bb][et_pb_column type=\u00a0\u00bb1_2&Prime; _builder_version=\u00a0\u00bb4.16&Prime; custom_padding=\u00a0\u00bb|||\u00a0\u00bb global_colors_info=\u00a0\u00bb{}\u00a0\u00bb custom_padding__hover=\u00a0\u00bb|||\u00a0\u00bb][et_pb_text _builder_version=\u00a0\u00bb4.25.1&Prime; global_colors_info=\u00a0\u00bb{}\u00a0\u00bb]<\/p>\n<h3>Cabane Monte Leone<\/h3>\n<p><i class=\"fa fa-phone\" aria-hidden=\"true\"><\/i> <a href=\"tel:+41279791412\">+41 (0) 27 979 14 12<\/a><\/p>\n<h3>R\u00e9servations<\/h3>\n<p><i class=\"fa fa-bed\" aria-hidden=\"true\"><\/i> <a href=\"https:\/\/www.cas-sommartel.ch\/monte-leone\/reserver\" rel=\"alternate\">R\u00e9servation en ligne<\/a><br \/><i class=\"fa fa-envelope\" aria-hidden=\"true\"><\/i><a href=\"mailto:booking@cas-sommartel.ch\"> booking@cas-sommartel.ch<\/a><br \/><i class=\"fa fa-phone\" aria-hidden=\"true\"><\/i><a href=\"tel:+41799349732\"> +41 (0) 79 934 97 32<\/a><\/p>\n<p>[\/et_pb_text][\/et_pb_column][et_pb_column type=\u00a0\u00bb1_2&Prime; _builder_version=\u00a0\u00bb4.16&Prime; custom_padding=\u00a0\u00bb|||\u00a0\u00bb global_colors_info=\u00a0\u00bb{}\u00a0\u00bb custom_padding__hover=\u00a0\u00bb|||\u00a0\u00bb][et_pb_text _builder_version=\u00a0\u00bb4.27.6&Prime; global_colors_info=\u00a0\u00bb{}\u00a0\u00bb]<\/p>\n<h3>Administration<\/h3>\n<p><i class=\"fa fa-user\" aria-hidden=\"true\"><\/i> Claude-Andr\u00e9 Montandon<\/p>\n<p><i class=\"fa fa-map-marker\" aria-hidden=\"true\"><\/i> Courte Creye 12<br \/>CH \u2013 2113 Boveresse<\/p>\n<p><i class=\"fa fa-phone\" aria-hidden=\"true\"><\/i><a href=\"tel:+41328614031\"> +41 (0) 32 861 40 31<\/a><br \/><i class=\"fa fa-mobile\" aria-hidden=\"true\"><\/i><a href=\"tel:+41794349874\"> +41 (0) 76 532 97 08<\/a><\/p>\n<p><i class=\"fa fa-envelope\" aria-hidden=\"true\"><\/i><a href=\"mailto:cabane@cas-sommartel.ch\"> cabane@cas-sommartel.ch<\/a><\/p>\n<p>[\/et_pb_text][\/et_pb_column][\/et_pb_row][\/et_pb_section]<\/p>\n","protected":false},"excerpt":{"rendered":"<p>\u26a0\ufe0f 21.07.2022: attention, le chemin entre la cabane Monte Leone et l&rsquo;Alpe Veglia est momentan\u00e9ment difficile d&rsquo;acc\u00e8s.Covid-19 : S\u00e9jour en cabane dans des conditions particuli\u00e8res Ne s\u00e9journe dans nos cabanes que si tu es en bonne sant\u00e9. R\u00e9serve ta couchette &#8211; sans r\u00e9servation, pas de nuit\u00e9e. Apporte tes propres effets suivants : sac \u00e0 viande, [&hellip;]<\/p>\n","protected":false},"author":1,"featured_media":0,"parent":0,"menu_order":0,"comment_status":"closed","ping_status":"closed","template":"","meta":{"_et_pb_use_builder":"on","_et_pb_old_content":"","_et_gb_content_width":"","_exactmetrics_skip_tracking":false,"_exactmetrics_sitenote_active":false,"_exactmetrics_sitenote_note":"","_exactmetrics_sitenote_category":0,"footnotes":""},"class_list":["post-1052","page","type-page","status-publish","hentry"],"_links":{"self":[{"href":"https:\/\/www.cas-sommartel.ch\/monte-leone\/wp-json\/wp\/v2\/pages\/1052","targetHints":{"allow":["GET"]}}],"collection":[{"href":"https:\/\/www.cas-sommartel.ch\/monte-leone\/wp-json\/wp\/v2\/pages"}],"about":[{"href":"https:\/\/www.cas-sommartel.ch\/monte-leone\/wp-json\/wp\/v2\/types\/page"}],"author":[{"embeddable":true,"href":"https:\/\/www.cas-sommartel.ch\/monte-leone\/wp-json\/wp\/v2\/users\/1"}],"replies":[{"embeddable":true,"href":"https:\/\/www.cas-sommartel.ch\/monte-leone\/wp-json\/wp\/v2\/comments?post=1052"}],"version-history":[{"count":105,"href":"https:\/\/www.cas-sommartel.ch\/monte-leone\/wp-json\/wp\/v2\/pages\/1052\/revisions"}],"predecessor-version":[{"id":2600,"href":"https:\/\/www.cas-sommartel.ch\/monte-leone\/wp-json\/wp\/v2\/pages\/1052\/revisions\/2600"}],"wp:attachment":[{"href":"https:\/\/www.cas-sommartel.ch\/monte-leone\/wp-json\/wp\/v2\/media?parent=1052"}],"curies":[{"name":"wp","href":"https:\/\/api.w.org\/{rel}","templated":true}]}}